{"id":12119,"date":"2021-12-04T16:58:07","date_gmt":"2021-12-04T15:58:07","guid":{"rendered":"https:\/\/inter-antiquariaat.nl\/?post_type=product&#038;p=12119"},"modified":"2022-01-07T08:50:09","modified_gmt":"2022-01-07T07:50:09","slug":"amstelland-pruisische-inval-1787","status":"publish","type":"product","link":"https:\/\/inter-antiquariaat.nl\/nl-oud\/antiek\/verkocht\/amstelland-pruisische-inval-1787\/","title":{"rendered":"Amstelland, Pruisische inval &#8211; G. Tischbein, 1787"},"content":{"rendered":"<p><strong>PRUISISCHE INVAL AMSTELLAND, OPGETEKEND DOOR OPRUKKENDE PRUISEN<\/strong><\/p>\n<p><em>&#8220;<strong>Carte des environs d&#8217;Amsterdam<\/strong> repr\u00e9sentant d&#8217;un coup d&#8217;oeil les avenues fortifi\u00e9es avec les inondations autour de cette ville c\u00e9l\u00e8bre, telles quelles \u00e9toient vers la fin de Septembre <strong>1787<\/strong>; et en m\u00eame tems les quartiers des Troupes Prussiennes et leurs attaques au lendemain le 1er d&#8217;Octobre, sous les ordres de S.A.S. le Duc r\u00e9gnant de Brunswick, pour servir de m\u00e9moire \u00e0 l&#8217;histoire de cette \u00e9poque r\u00e9marquable.<\/em>&#8221; [<span class=\"VIiyi\" lang=\"nl\"><span class=\"JLqJ4b ChMk0b\" data-language-for-alternatives=\"nl\" data-language-to-translate-into=\"fr\" data-phrase-index=\"0\" data-number-of-phrases=\"1\">Kaart van de omgeving van Amsterdam met in \u00e9\u00e9n oogopslag de door de overstromingen versterkte linies rond deze beroemde stad, zoals ze waren tegen het einde van september 1787; en tegelijkertijd de afdelingen van de Pruisische troepen en hun aanvallen de volgende dag, 1 oktober in opdracht van Zijne Doorluchtigheid de regerend hertog van Brunswick, om te dienen als herinnering aan de geschiedenis van deze opmerkelijke periode.]<\/span><\/span><\/p>\n<p>Kopergravure gedrukt van 2 platen vervaardigd door <strong>G. Tischbein<\/strong> en opgedragen door <strong>C.G. De Schaikowsky <\/strong>1<sup>ste<\/sup> luitenant in het leger van de Frederik Willem II koning van Pruisen, aan <a href=\"https:\/\/nl.wikipedia.org\/wiki\/Karel_Willem_Ferdinand_van_Brunswijk-Wolfenb%C3%BCttel\" target=\"_blank\" rel=\"noopener\">Charles Guillaume Ferdinand<\/a>, hertog van Braunschweig en Luneburg. Later met de hand gekleurd. Afm.: (druk) 63,0 x 95,1 cm.<\/p>\n<p>De kaart is een momentopname uit de periode dat de Republiek in crisis verkeert. De Patriotten hadden zich sinds 1780 georganiseerd om bestuurlijke misstanden aan de kaak te kunnen stellen en om de incapabele <a href=\"https:\/\/nl.wikipedia.org\/wiki\/Willem_V_van_Oranje-Nassau\" target=\"_blank\" rel=\"noopener\">stadhouder Willem V<\/a> te controleren en in zijn macht te beperken. In 1784 braken in Rotterdam rellen uit tussen <a href=\"https:\/\/nl.wikipedia.org\/wiki\/Patriotten\" target=\"_blank\" rel=\"noopener\">patriotten<\/a> en orangisten. Op 15 september 1785 ontvluchtte Willem V Den Haag, nadat de <a href=\"https:\/\/nl.wikipedia.org\/wiki\/Staten_van_Holland_en_West-Friesland\" target=\"_blank\" rel=\"noopener\">Staten van Holland<\/a> hem hadden ontheven van zijn functie als bevelhebber van het Haagse garnizoen. In Amsterdam en Rotterdam werden eind april 1787 een aantal prinsgezinde <a href=\"https:\/\/nl.wikipedia.org\/wiki\/Vroedschap\" target=\"_blank\" rel=\"noopener\">vroedschap<\/a>sleden en burgemeesters vervangen, zonder goedkeuring van de stadhouder.De patriottische euforie zou echter maar kort duren. In juni 1787 besloot <a href=\"https:\/\/nl.wikipedia.org\/wiki\/Wilhelmina_van_Pruisen_(1751-1820)\" target=\"_blank\" rel=\"noopener\">Wilhelmina van Pruisen<\/a>, de vrouw van de stadhouder, terug te gaan naar Den Haag om de orangisten daar op te wekken tot verzet tegen de patriotten. Bij <a href=\"https:\/\/nl.wikipedia.org\/wiki\/Aanhouding_bij_Goejanverwellesluis\" target=\"_blank\" rel=\"noopener\">Goejanverwellesluis<\/a> werd ze aangehouden, waarop haar broer, de <a href=\"https:\/\/nl.wikipedia.org\/wiki\/Frederik_Willem_II_van_Pruisen\" target=\"_blank\" rel=\"noopener\">koning van Pruisen<\/a>, een enorm leger naar de Republiek stuurde om de orde te herstellen. Tegen deze overmacht hadden de patriotten geen verweer. De patriotten weken uit naar Amsterdam (de kaart schetst de situatie van eind september 1787), maar reeds op 10 oktober gaf de stad zich over. Binnen enkele maanden zat Willem V weer stevig in het zadel en was de rust hersteld.<\/p>\n<p>Prijs: VERKOCHT<\/p>\n","protected":false},"excerpt":{"rendered":"<p>PRUISISCHE INVAL AMSTELLAND, OPGETEKEND DOOR OPRUKKENDE PRUISEN &#8220;Carte des environs d&#8217;Amsterdam repr\u00e9sentant d&#8217;un coup d&#8217;oeil les avenues fortifi\u00e9es avec les inondations autour de cette ville c\u00e9l\u00e8bre, telles quelles \u00e9toient vers la fin de Septembre 1787; et en m\u00eame tems les quartiers des Troupes Prussiennes et leurs attaques au lendemain le 1er d&#8217;Octobre, sous les ordres [&#8230;]\n","protected":false},"featured_media":12120,"comment_status":"closed","ping_status":"closed","template":"","meta":[],"product_brand":[],"product_cat":[16],"product_tag":[],"class_list":{"0":"post-12119","1":"product","2":"type-product","3":"status-publish","4":"has-post-thumbnail","6":"product_cat-verkocht","8":"first","9":"instock","10":"product-type-simple"},"yoast_head":"<!-- This site is optimized with the Yoast SEO plugin v27.5 - https:\/\/yoast.com\/product\/yoast-seo-wordpress\/ -->\n<title>oude kaart Amstelland Amsterdam patriottentijd Pruisische inval 1787<\/title>\n<meta name=\"description\" content=\"oude kaart Amstelland Amsterdam 1787 patriottentijd Pruisische inval Aanhouding bij Goejanverwellesluis originele 18e-eeuwse gravure\" \/>\n<meta name=\"robots\" content=\"noindex, follow, max-snippet:-1, max-image-preview:large, max-video-preview:-1\" \/>\n<meta property=\"og:locale\" content=\"nl_NL\" \/>\n<meta property=\"og:type\" content=\"article\" \/>\n<meta property=\"og:title\" content=\"oude kaart Amstelland Amsterdam patriottentijd Pruisische inval 1787\" \/>\n<meta property=\"og:description\" content=\"oude kaart Amstelland Amsterdam 1787 patriottentijd Pruisische inval Aanhouding bij Goejanverwellesluis originele 18e-eeuwse gravure\" \/>\n<meta property=\"og:url\" content=\"https:\/\/inter-antiquariaat.nl\/nl-oud\/antiek\/verkocht\/amstelland-pruisische-inval-1787\/\" \/>\n<meta property=\"og:site_name\" content=\"Inter Antiquariaat Mefferdt &amp; De Jonge\" \/>\n<meta property=\"article:modified_time\" content=\"2022-01-07T07:50:09+00:00\" \/>\n<meta property=\"og:image\" content=\"https:\/\/inter-antiquariaat.nl\/wp-content\/uploads\/sites\/1\/Amstelland-Pruisische-Inval-Tischbein-1787.jpg\" \/>\n\t<meta property=\"og:image:width\" content=\"1600\" \/>\n\t<meta property=\"og:image:height\" content=\"1078\" \/>\n\t<meta property=\"og:image:type\" content=\"image\/jpeg\" \/>\n<meta name=\"twitter:card\" content=\"summary_large_image\" \/>\n<meta name=\"twitter:label1\" content=\"Geschatte leestijd\" \/>\n\t<meta name=\"twitter:data1\" content=\"2 minuten\" \/>\n<script type=\"application\/ld+json\" class=\"yoast-schema-graph\">{\"@context\":\"https:\\\/\\\/schema.org\",\"@graph\":[{\"@type\":\"WebPage\",\"@id\":\"https:\\\/\\\/inter-antiquariaat.nl\\\/nl-oud\\\/antiek\\\/verkocht\\\/amstelland-pruisische-inval-1787\\\/\",\"url\":\"https:\\\/\\\/inter-antiquariaat.nl\\\/nl-oud\\\/antiek\\\/verkocht\\\/amstelland-pruisische-inval-1787\\\/\",\"name\":\"oude kaart Amstelland Amsterdam patriottentijd Pruisische inval 1787\",\"isPartOf\":{\"@id\":\"https:\\\/\\\/inter-antiquariaat.nl\\\/nl-oud\\\/#website\"},\"primaryImageOfPage\":{\"@id\":\"https:\\\/\\\/inter-antiquariaat.nl\\\/nl-oud\\\/antiek\\\/verkocht\\\/amstelland-pruisische-inval-1787\\\/#primaryimage\"},\"image\":{\"@id\":\"https:\\\/\\\/inter-antiquariaat.nl\\\/nl-oud\\\/antiek\\\/verkocht\\\/amstelland-pruisische-inval-1787\\\/#primaryimage\"},\"thumbnailUrl\":\"https:\\\/\\\/inter-antiquariaat.nl\\\/wp-content\\\/uploads\\\/sites\\\/1\\\/Amstelland-Pruisische-Inval-Tischbein-1787.jpg\",\"datePublished\":\"2021-12-04T15:58:07+00:00\",\"dateModified\":\"2022-01-07T07:50:09+00:00\",\"description\":\"oude kaart Amstelland Amsterdam 1787 patriottentijd Pruisische inval Aanhouding bij Goejanverwellesluis originele 18e-eeuwse gravure\",\"breadcrumb\":{\"@id\":\"https:\\\/\\\/inter-antiquariaat.nl\\\/nl-oud\\\/antiek\\\/verkocht\\\/amstelland-pruisische-inval-1787\\\/#breadcrumb\"},\"inLanguage\":\"nl-NL\",\"potentialAction\":[{\"@type\":\"ReadAction\",\"target\":[\"https:\\\/\\\/inter-antiquariaat.nl\\\/nl-oud\\\/antiek\\\/verkocht\\\/amstelland-pruisische-inval-1787\\\/\"]}]},{\"@type\":\"ImageObject\",\"inLanguage\":\"nl-NL\",\"@id\":\"https:\\\/\\\/inter-antiquariaat.nl\\\/nl-oud\\\/antiek\\\/verkocht\\\/amstelland-pruisische-inval-1787\\\/#primaryimage\",\"url\":\"https:\\\/\\\/inter-antiquariaat.nl\\\/wp-content\\\/uploads\\\/sites\\\/1\\\/Amstelland-Pruisische-Inval-Tischbein-1787.jpg\",\"contentUrl\":\"https:\\\/\\\/inter-antiquariaat.nl\\\/wp-content\\\/uploads\\\/sites\\\/1\\\/Amstelland-Pruisische-Inval-Tischbein-1787.jpg\",\"width\":1600,\"height\":1078,\"caption\":\"Pruisische Inval 1787\"},{\"@type\":\"BreadcrumbList\",\"@id\":\"https:\\\/\\\/inter-antiquariaat.nl\\\/nl-oud\\\/antiek\\\/verkocht\\\/amstelland-pruisische-inval-1787\\\/#breadcrumb\",\"itemListElement\":[{\"@type\":\"ListItem\",\"position\":1,\"name\":\"Home\",\"item\":\"https:\\\/\\\/inter-antiquariaat.nl\\\/nl-oud\\\/\"},{\"@type\":\"ListItem\",\"position\":2,\"name\":\"Antieke kaarten, prenten en tekeningen\",\"item\":\"https:\\\/\\\/inter-antiquariaat.nl\\\/nl-oud\\\/antiek\\\/\"},{\"@type\":\"ListItem\",\"position\":3,\"name\":\"Amstelland, Pruisische inval &#8211; G. Tischbein, 1787\"}]},{\"@type\":\"WebSite\",\"@id\":\"https:\\\/\\\/inter-antiquariaat.nl\\\/nl-oud\\\/#website\",\"url\":\"https:\\\/\\\/inter-antiquariaat.nl\\\/nl-oud\\\/\",\"name\":\"Inter Antiquariaat Mefferdt &amp; De Jonge\",\"description\":\"Antieke kaarten, prenten en tekeningen\",\"potentialAction\":[{\"@type\":\"SearchAction\",\"target\":{\"@type\":\"EntryPoint\",\"urlTemplate\":\"https:\\\/\\\/inter-antiquariaat.nl\\\/nl-oud\\\/?s={search_term_string}\"},\"query-input\":{\"@type\":\"PropertyValueSpecification\",\"valueRequired\":true,\"valueName\":\"search_term_string\"}}],\"inLanguage\":\"nl-NL\"}]}<\/script>\n<!-- \/ Yoast SEO plugin. -->","yoast_head_json":{"title":"oude kaart Amstelland Amsterdam patriottentijd Pruisische inval 1787","description":"oude kaart Amstelland Amsterdam 1787 patriottentijd Pruisische inval Aanhouding bij Goejanverwellesluis originele 18e-eeuwse gravure","robots":{"index":"noindex","follow":"follow","max-snippet":"max-snippet:-1","max-image-preview":"max-image-preview:large","max-video-preview":"max-video-preview:-1"},"og_locale":"nl_NL","og_type":"article","og_title":"oude kaart Amstelland Amsterdam patriottentijd Pruisische inval 1787","og_description":"oude kaart Amstelland Amsterdam 1787 patriottentijd Pruisische inval Aanhouding bij Goejanverwellesluis originele 18e-eeuwse gravure","og_url":"https:\/\/inter-antiquariaat.nl\/nl-oud\/antiek\/verkocht\/amstelland-pruisische-inval-1787\/","og_site_name":"Inter Antiquariaat Mefferdt &amp; De Jonge","article_modified_time":"2022-01-07T07:50:09+00:00","og_image":[{"width":1600,"height":1078,"url":"https:\/\/inter-antiquariaat.nl\/wp-content\/uploads\/sites\/1\/Amstelland-Pruisische-Inval-Tischbein-1787.jpg","type":"image\/jpeg"}],"twitter_card":"summary_large_image","twitter_misc":{"Geschatte leestijd":"2 minuten"},"schema":{"@context":"https:\/\/schema.org","@graph":[{"@type":"WebPage","@id":"https:\/\/inter-antiquariaat.nl\/nl-oud\/antiek\/verkocht\/amstelland-pruisische-inval-1787\/","url":"https:\/\/inter-antiquariaat.nl\/nl-oud\/antiek\/verkocht\/amstelland-pruisische-inval-1787\/","name":"oude kaart Amstelland Amsterdam patriottentijd Pruisische inval 1787","isPartOf":{"@id":"https:\/\/inter-antiquariaat.nl\/nl-oud\/#website"},"primaryImageOfPage":{"@id":"https:\/\/inter-antiquariaat.nl\/nl-oud\/antiek\/verkocht\/amstelland-pruisische-inval-1787\/#primaryimage"},"image":{"@id":"https:\/\/inter-antiquariaat.nl\/nl-oud\/antiek\/verkocht\/amstelland-pruisische-inval-1787\/#primaryimage"},"thumbnailUrl":"https:\/\/inter-antiquariaat.nl\/wp-content\/uploads\/sites\/1\/Amstelland-Pruisische-Inval-Tischbein-1787.jpg","datePublished":"2021-12-04T15:58:07+00:00","dateModified":"2022-01-07T07:50:09+00:00","description":"oude kaart Amstelland Amsterdam 1787 patriottentijd Pruisische inval Aanhouding bij Goejanverwellesluis originele 18e-eeuwse gravure","breadcrumb":{"@id":"https:\/\/inter-antiquariaat.nl\/nl-oud\/antiek\/verkocht\/amstelland-pruisische-inval-1787\/#breadcrumb"},"inLanguage":"nl-NL","potentialAction":[{"@type":"ReadAction","target":["https:\/\/inter-antiquariaat.nl\/nl-oud\/antiek\/verkocht\/amstelland-pruisische-inval-1787\/"]}]},{"@type":"ImageObject","inLanguage":"nl-NL","@id":"https:\/\/inter-antiquariaat.nl\/nl-oud\/antiek\/verkocht\/amstelland-pruisische-inval-1787\/#primaryimage","url":"https:\/\/inter-antiquariaat.nl\/wp-content\/uploads\/sites\/1\/Amstelland-Pruisische-Inval-Tischbein-1787.jpg","contentUrl":"https:\/\/inter-antiquariaat.nl\/wp-content\/uploads\/sites\/1\/Amstelland-Pruisische-Inval-Tischbein-1787.jpg","width":1600,"height":1078,"caption":"Pruisische Inval 1787"},{"@type":"BreadcrumbList","@id":"https:\/\/inter-antiquariaat.nl\/nl-oud\/antiek\/verkocht\/amstelland-pruisische-inval-1787\/#breadcrumb","itemListElement":[{"@type":"ListItem","position":1,"name":"Home","item":"https:\/\/inter-antiquariaat.nl\/nl-oud\/"},{"@type":"ListItem","position":2,"name":"Antieke kaarten, prenten en tekeningen","item":"https:\/\/inter-antiquariaat.nl\/nl-oud\/antiek\/"},{"@type":"ListItem","position":3,"name":"Amstelland, Pruisische inval &#8211; G. Tischbein, 1787"}]},{"@type":"WebSite","@id":"https:\/\/inter-antiquariaat.nl\/nl-oud\/#website","url":"https:\/\/inter-antiquariaat.nl\/nl-oud\/","name":"Inter Antiquariaat Mefferdt &amp; De Jonge","description":"Antieke kaarten, prenten en tekeningen","potentialAction":[{"@type":"SearchAction","target":{"@type":"EntryPoint","urlTemplate":"https:\/\/inter-antiquariaat.nl\/nl-oud\/?s={search_term_string}"},"query-input":{"@type":"PropertyValueSpecification","valueRequired":true,"valueName":"search_term_string"}}],"inLanguage":"nl-NL"}]}},"_links":{"self":[{"href":"https:\/\/inter-antiquariaat.nl\/nl-oud\/wp-json\/wp\/v2\/product\/12119","targetHints":{"allow":["GET"]}}],"collection":[{"href":"https:\/\/inter-antiquariaat.nl\/nl-oud\/wp-json\/wp\/v2\/product"}],"about":[{"href":"https:\/\/inter-antiquariaat.nl\/nl-oud\/wp-json\/wp\/v2\/types\/product"}],"replies":[{"embeddable":true,"href":"https:\/\/inter-antiquariaat.nl\/nl-oud\/wp-json\/wp\/v2\/comments?post=12119"}],"wp:featuredmedia":[{"embeddable":true,"href":"https:\/\/inter-antiquariaat.nl\/nl-oud\/wp-json\/wp\/v2\/media\/12120"}],"wp:attachment":[{"href":"https:\/\/inter-antiquariaat.nl\/nl-oud\/wp-json\/wp\/v2\/media?parent=12119"}],"wp:term":[{"taxonomy":"product_brand","embeddable":true,"href":"https:\/\/inter-antiquariaat.nl\/nl-oud\/wp-json\/wp\/v2\/product_brand?post=12119"},{"taxonomy":"product_cat","embeddable":true,"href":"https:\/\/inter-antiquariaat.nl\/nl-oud\/wp-json\/wp\/v2\/product_cat?post=12119"},{"taxonomy":"product_tag","embeddable":true,"href":"https:\/\/inter-antiquariaat.nl\/nl-oud\/wp-json\/wp\/v2\/product_tag?post=12119"}],"curies":[{"name":"wp","href":"https:\/\/api.w.org\/{rel}","templated":true}]}}